{"id":32542,"date":"2024-10-28T10:30:54","date_gmt":"2024-10-28T09:30:54","guid":{"rendered":"https:\/\/www.se-group.info\/?page_id=32542"},"modified":"2024-10-28T10:30:54","modified_gmt":"2024-10-28T09:30:54","slug":"esf3_h1_0030-ausbildung-im-bereich-logistik","status":"publish","type":"page","link":"https:\/\/www.se-group.info\/de\/esf3_h1_0030-ausbildung-im-bereich-logistik\/","title":{"rendered":"ESF3_h1_0030 Ausbildung im Bereich Logistik"},"content":{"rendered":"<img decoding=\"async\" loading=\"lazy\" width=\"943\" height=\"204\" class=\"alignnone size-full wp-image-32537\" src=\"https:\/\/www.se-group.info\/wp-content\/uploads\/2024\/10\/EN_CI-Co-funded-Rep-Prov_vertical_POS.png\" alt=\"\" \/>\n<p>&nbsp;<\/p>\n<p><em>Durch das ESF+ Programm 2021-2027, die Italienische Republik und die autonome Provinz Bozen \u2013 S\u00fcdtirol im Rahmen des \u00f6ffentlichen Aufrufes &#8220;Aufruf zur Finanzierung von Ma\u00dfnahmen zur St\u00e4rkung der Kompetenzen und zur Begleitung zum Arbeitsplatz von schutzbed\u00fcrftigen Personen \u2013 Jahr 2023\/2024&#8221;, Priorit\u00e4t 3 Soziale Inklusion \u2013 Spezifisches Ziel h PR ESF+ 2021-2027 vom 13\/11\/2023 &#8211; n. D230020284<\/em><\/p>\n<p>&nbsp;<\/p>\n<h2>Zusammenfassung des Projekts<\/h2>\n<p>Das Ausbildungsprojekt sieht die Entwicklung verschiedener F\u00e4higkeiten vor, die auf dem Arbeitsmarkt im Bereich Logistik einsetzbar sind. Der Kurs, der sich an Personen mit Migrationshintergrund richtet, zielt darauf ab, Grundkenntnisse in Italienisch und Deutsch zu entwickeln und zu st\u00e4rken, interdisziplin\u00e4re F\u00e4higkeiten wie grundlegende digitale Kompetenzen und kulturelles Wissen zur angemessenen Integration in die Gesellschaft zu f\u00f6rdern, sowie spezifische technisch-professionelle F\u00e4higkeiten f\u00fcr die Arbeit im Lager zu entwickeln. Dazu geh\u00f6ren die Lagerorganisation, Versandverfahren und Umweltaspekte wie die Reduzierung von Verpackungsabf\u00e4llen. Im Rahmen des Ausbildungsprogramms ist ein Praktikum in \u00f6rtlichen Unternehmen und individuelle pers\u00f6nliche Unterst\u00fctzung vorgesehen, um die berufliche Entwicklung optimal zu bew\u00e4ltigen. Eine einzigartige Gelegenheit, die T\u00fcren zu erf\u00fcllenden Karrieren in einer sich st\u00e4ndig weiterentwickelnden Arbeitsumgebung \u00f6ffnet.<\/p>\n<p>&nbsp;<\/p>\n<h2>Beschreibung der Zielgruppe der Ma\u00dfnahme<\/h2>\n<p>Die Zielgruppe der Schulungsma\u00dfnahme sind Migranten, wie sie in der Ausschreibung definiert sind: Staatsangeh\u00f6rige eines Drittlandes oder staatenlose Personen, die in die Europ\u00e4ische Union einreisen (oder sich bereits dort aufhalten) und sich legal in S\u00fcdtirol aufhalten, und die arbeitslos, nicht erwerbst\u00e4tig oder inaktiv sind und in der Provinz Bozen wohnen oder ihren Wohnsitz haben und die eine solide berufliche Qualifikation im Bereich Logistik entwickeln m\u00f6chten. Bei der Auswahl wird die genaue Motivation, die Schulungsaktivit\u00e4ten erfolgreich abzuschlie\u00dfen, ber\u00fccksichtigt. Vorherige Erfahrungen oder Studien im Bereich werden positiv bewertet, sind jedoch nicht verbindlich. Bei gleicher Punktzahl in der Auswahl werden Geschlechterquoten gew\u00e4hrleistet.<\/p>\n<p>&nbsp;<\/p>\n<h2>Gesamtdauer<\/h2>\n<p>Gesamtdauer der Dozenz: 470 Stunden<\/p>\n<p>Gesamtdauer der Orientierung: 12 Stunden<\/p>\n<p>Praktikum: 150 Stunden<\/p>\n<h3>Kursfolge 1: Mitarbeiter\/in f\u00fcr Lagerverwaltung<\/h3>\n<p><strong>Module<\/strong><\/p>\n<ul>\n<li>Aufgaben und Verantwortlichkeiten des Berufsprofils 1<\/li>\n<li>Italienischen Sprache 1<\/li>\n<li>Grundlagen der deutschen Sprache 1<\/li>\n<li>St\u00e4rkung des pers\u00f6nlichen Empowerments 1<\/li>\n<li>Bildung f\u00fcr Staatsb\u00fcrgerschaft und multikulturelle Integration 1<\/li>\n<li>Verwaltung der kulturellen Vielfalt 1<\/li>\n<li>Mathematische F\u00e4higkeiten, logisches Denken und praktische Anwendungen 1<\/li>\n<li>Digitale Grundkenntnisse 1<\/li>\n<li>Aktive Arbeitssuche und Selbstst\u00e4ndigkeit 1<\/li>\n<li>Gesundheit und Sicherheit am Arbeitsplatz 1<\/li>\n<li>Lageroperationen: Kontrolle und Registrierung beim Be- und Entladen<\/li>\n<li>Verpackung und Wartung<\/li>\n<li>Organisation des Lagers und Optimierung der Raumnutzung<\/li>\n<li>Verwendung von Lagerverwaltungssoftware<\/li>\n<li>Verwaltung von R\u00fcckgaben und Retouren 1<\/li>\n<li>Verwaltung von Verfallsdaten und verderblichen Produkten<\/li>\n<li>Verwendung des Gabelstaplers 1<\/li>\n<li>Umweltfreundliche Verpackungsmaterialien<\/li>\n<li>Reduzierung von Verpackungsabf\u00e4llen<\/li>\n<li>Einzelorientierung 1<\/li>\n<li>Pers\u00f6nliche Unterst\u00fctzung 1<\/li>\n<li>Praktikum 1<\/li>\n<\/ul>\n<p>&nbsp;<\/p>\n<h3>Kursfolge 2: Versandmitarbeiter\/in<\/h3>\n<p><strong>Module<\/strong><\/p>\n<ul>\n<li>Die Rolle der Berufsfigur<\/li>\n<li>Italienischen Sprache 2<\/li>\n<li>Grundlagen der deutschen Sprache 2<\/li>\n<li>St\u00e4rkung des pers\u00f6nlichen Empowerments 2<\/li>\n<li>Bildung f\u00fcr Staatsb\u00fcrgerschaft und multikulturelle Integration 2<\/li>\n<li>Verwaltung der kulturellen Vielfalt 2<\/li>\n<li>Mathematische F\u00e4higkeiten, logisches Denken und praktische Anwendungen 2<\/li>\n<li>Digitale Grundkenntnisse 2<\/li>\n<li>Aktive Arbeitssuche und Selbstst\u00e4ndigkeit 2<\/li>\n<li>Gesundheit und Sicherheit am Arbeitsplatz 2<\/li>\n<li>Versand- und Logistikverfahren<\/li>\n<li>Computerisierte Verwaltung des Logistikflusses<\/li>\n<li>Verwendung des Gabelstaplers 2<\/li>\n<li>Auswahl des Kuriers und Versandmethoden<\/li>\n<li>Beschwerde- und Retourenmanagement 2<\/li>\n<li>Management von Notfallsituationen und Problemen w\u00e4hrend der Lieferungen<\/li>\n<li>Umweltfreundliche Verpackungen<\/li>\n<li>Internationales Versandmanagement und Zollvorschriften<\/li>\n<li>Richtige Entsorgung von w\u00e4hrend des Versands entstandenen Abf\u00e4llen<\/li>\n<li>Innovative Technologien zur Steigerung der Effizienz von Lieferungen und zur Reduzierung der Umweltauswirkungen<\/li>\n<li>Einzelorientierung 2<\/li>\n<li>Pers\u00f6nliche Unterst\u00fctzung 2<\/li>\n<li>Praktikum 2<\/li>\n<\/ul>\n<p>&nbsp;<\/p>\n<h2>Methode zur Auswahl der Teilnehmer<\/h2>\n<p>Die Auswahl wird von einem speziellen Ausschuss vorgenommen, der vom Projektleiter oder einem internen Mitglied des Projektkoordinators und m\u00f6glichst vom Projektorientierer gebildet wird. Die zugelassenen Kandidatinnen und Kandidaten werden zu einer Auswahlpr\u00fcfung eingeladen, die ein Motivationsgespr\u00e4ch und schriftliche psychologischen Eignungstest Tests in deutscher und italienischer Sprache umfasst. Es werden Fragen zu den Bildungs- und Berufserfahrungen der Kandidatinnen und Kandidaten, zu ihrer Motivation f\u00fcr die Teilnahme und zur Beurteilung der \u00dcbereinstimmung mit dem Profil gestellt. Der Test besteht aus Fragen zur Allgemeinbildung. Anschlie\u00dfend wird eine Rangliste erstellt, bei gleicher Punktzahl wird Kandidatinnen oder Personen mit gr\u00f6\u00dferen sozio\u00f6konomischen Integrationsproblemen der Vorrang gegeben.<\/p>\n<p>&nbsp;<\/p>\n<h2>Zus\u00e4tzliche Dienstleistungen<\/h2>\n<p>Es werden Sicherheitsausr\u00fcstungen f\u00fcr den Logistikbereich bereitgestellt: Helme, Schuhe, Schutzbrillen. Die Teilnehmer\/innen k\u00f6nnen eine Online-Ausbildungsplattform nutzen, die alle Lehrmaterialien des Kurses enth\u00e4lt. Auf Anfrage der Teilnehmer\/innen werden Babysitting-Dienste aktiviert. Die Kosten f\u00fcr die Fahrscheine der Verkehrsmittel der Teilnehmer\/innen zum Erreichen des Praktikumsorts werden von der Se Group \u00fcbernommen.<\/p>\n<p>&nbsp;<\/p>\n<h2>Art der zu erlassenden Bescheinigung<\/h2>\n<p>Teilnahmebest\u00e4tigung<\/p>\n<p>&nbsp;<\/p>\n<h2>Andere Bescheinigungen<\/h2>\n<p>Den Teilnehmer\/innen, die die Module \u201eGesundheit und Sicherheit am Arbeitsplatz 1\u201c und \u201eGesundheit und Sicherheit am Arbeitsplatz 2\u201c erfolgreich absolvieren, wird ein Zertifikat gem\u00e4\u00df dem Gesetzesdekret 81\/08 ausgestellt. Den Teilnehmer\/innen, die die Module \u201eBedienung des Gabelstaplers 1\u201c und \u201eBedienung des Gabelstaplers 2\u201c erfolgreich absolvieren, wird ebenfalls ein Zertifikat ausgestellt<\/p>\n<p>&nbsp;<\/p>\n<h2>Weitere Informationen<\/h2>\n<p>Telefon: 0471 1882107<\/p>\n<p>&nbsp;<\/p>\n<h2>Projektinformationen Link:<\/h2>\n<p><a href=\"https:\/\/fse-esf.civis.bz.it\/preiscrizioni_2127\/prj\/112\/show\">https:\/\/fse-esf.civis.bz.it\/preiscrizioni_2127\/prj\/112\/show<\/a><\/p>\n<p>&nbsp;<\/p>\n<h2>Datum der letzten Aktualisierung<\/h2>\n<p>17\/10\/2024<\/p>\n","protected":false},"excerpt":{"rendered":"<p>&nbsp; Durch das ESF+ Programm 2021-2027, die Italienische Republik und die autonome Provinz Bozen \u2013 S\u00fcdtirol im Rahmen des \u00f6ffentlichen Aufrufes &#8220;Aufruf zur Finanzierung von Ma\u00dfnahmen zur St\u00e4rkung der Kompetenzen und zur Begleitung zum Arbeitsplatz von schutzbed\u00fcrftigen Personen \u2013 Jahr 2023\/2024&#8221;, Priorit\u00e4t 3 Soziale Inklusion \u2013 Spezifisches Ziel h PR ESF+ 2021-2027 vom 13\/11\/2023 &#8211; [&hellip;]<\/p>\n","protected":false},"author":7,"featured_media":0,"parent":0,"menu_order":0,"comment_status":"closed","ping_status":"closed","template":"","meta":{"_acf_changed":false,"_monsterinsights_skip_tracking":false,"_monsterinsights_sitenote_active":false,"_monsterinsights_sitenote_note":"","_monsterinsights_sitenote_category":0,"footnotes":""},"class_list":["post-32542","page","type-page","status-publish","hentry"],"acf":[],"publishpress_future_action":{"enabled":false,"date":"2026-05-07 00:14:31","action":"change-status","newStatus":"draft","terms":[],"taxonomy":"translation_priority","extraData":[]},"publishpress_future_workflow_manual_trigger":{"enabledWorkflows":[]},"_links":{"self":[{"href":"https:\/\/www.se-group.info\/de\/wp-json\/wp\/v2\/pages\/32542","targetHints":{"allow":["GET"]}}],"collection":[{"href":"https:\/\/www.se-group.info\/de\/wp-json\/wp\/v2\/pages"}],"about":[{"href":"https:\/\/www.se-group.info\/de\/wp-json\/wp\/v2\/types\/page"}],"author":[{"embeddable":true,"href":"https:\/\/www.se-group.info\/de\/wp-json\/wp\/v2\/users\/7"}],"replies":[{"embeddable":true,"href":"https:\/\/www.se-group.info\/de\/wp-json\/wp\/v2\/comments?post=32542"}],"version-history":[{"count":2,"href":"https:\/\/www.se-group.info\/de\/wp-json\/wp\/v2\/pages\/32542\/revisions"}],"predecessor-version":[{"id":32544,"href":"https:\/\/www.se-group.info\/de\/wp-json\/wp\/v2\/pages\/32542\/revisions\/32544"}],"wp:attachment":[{"href":"https:\/\/www.se-group.info\/de\/wp-json\/wp\/v2\/media?parent=32542"}],"curies":[{"name":"wp","href":"https:\/\/api.w.org\/{rel}","templated":true}]}}